{"id":13,"date":"2019-07-24T08:54:34","date_gmt":"2019-07-24T06:54:34","guid":{"rendered":"http:\/\/haardterbalkontheater.de\/?page_id=13"},"modified":"2024-04-17T16:12:34","modified_gmt":"2024-04-17T14:12:34","slug":"ueber-mich","status":"publish","type":"page","link":"https:\/\/haardterbalkontheater.de\/index.php\/ueber-mich\/","title":{"rendered":"Der Verein"},"content":{"rendered":"<p>Unser Verein wurde am 10. Mai 2011 in Neustadt\/Weinstra\u00dfe, Ortsteil Haardt, gegr\u00fcndet.<\/p>\n<p>In den Jahren 2012 und 2013 haben wir uns jeweils im Fr\u00fchjahr mit St\u00fccken des Autors Hans Schimmel unserem Publikum pr\u00e4sentiert. Diese waren &#8222;Liebeslust und Wasserschaden&#8220; (2012) und &#8222;Zum Teufel, Herr Minister&#8220; (2013).<\/p>\n<p>Im Sommer 2013 folgte eine Neuausrichtung des Vereins mit einigen personellen Ver\u00e4nderungen.<\/p>\n<p>Nach einer kleinen Pause und einer Umstellung des Auftrittszeitpunkts auf die Herbstzeit f\u00fchrten wir 2014 die Kom\u00f6die &#8222;Der &#8222;fast&#8220; perfekte Ehemann&#8220; in Haardt und Lindenberg auf. Die Zuschauerzahlen und die vielen positiven R\u00fcckmeldungen haben uns gezeigt, dass wir auf dem richtigen Weg sind.<\/p>\n<p>In der Saison 2015 folgte das St\u00fcck &#8222;Wer krank ist, muss kerngesund sein&#8220; von Uschi Schilling. In 2016 waren wir mit &#8222;Stress im Champus-Express&#8220; von Bernd Spehling mit einer Kriminalkom\u00f6die auf der B\u00fchne zu sehen.<\/p>\n<p>Im Jahr 2017 wagten wir uns an das St\u00fcck &#8222;Neurosige Zeiten&#8220; von Winnie Abel heran. Die in einer Psychiatrie spielende Kom\u00f6die war f\u00fcr uns gewagt, da die Thematik auch in der heutigen Gesellschaft noch weitgehend tabuisiert ist. Die R\u00fcckmeldungen und der Besucherandrang war allerdings sehr positiv, was wir als Beweis auffassen, dass uns dieser Spagat zwischen der Thematik und einer Kom\u00f6die gut gelungen ist.<\/p>\n<p>2018 spielten wir die Kom\u00f6die &#8222;Hauptsach die Chemie schdimmt&#8220; von Andreas Heck, in der in die Jahre gekommene Eheleute durch allerlei Verwicklungen und Experimente am Ende wieder zu sich finden.<\/p>\n<p>Mit dem St\u00fcck &#8222;Lass die Sau raus&#8220; von Andreas Wening wechselten wir 2019 unseren Spielort auf der Haardt, da die Turnhalle renoviert wurde. Wir wurden sehr herzlich im K\u00fcnstlerkeller des Weingutes Weegm\u00fcller aufgenommen. Diese Location war f\u00fcr uns etwas ganz Besonderes. Das wundersch\u00f6ne Ambiente und die gr\u00f6\u00dfere N\u00e4he zum Publikum hat unserer ohnehin schon gro\u00dfen Spielfreude nochmals einen ordentlichen Auftrieb gegeben.<\/p>\n<p>Dann folgte allerdings die Zwangspause, die f\u00fcr viele K\u00fcnstler existenzbedrohend werden sollte. Als Laientheater war es f\u00fcr uns zwar nicht ganz so dramatisch, aber auch bei uns bestand die Gefahr, nach vier Jahren Unterbrechung die Truppe nicht wieder aktivieren zu k\u00f6nnen.<\/p>\n<p>Zum Gl\u00fcck war dies nicht der Fall, im Gegenteil. Im Fr\u00fchjahr 2023 beschlossen wir hochmotiviert, uns an ein neues St\u00fcck zu wagen: &#8222;F\u00fcr immer Disco&#8220;. Ein ehemaliges, inzwischen in die Jahre gekommenes Disco Duo &#8222;Die Glitterboys&#8220; soll nach Vorstellung der Event-Mangagerin Regina Rautenstengel in einer 80er Revival Tournee an alte Erfolge ankn\u00fcpfen. Doch wie so oft, in der Welt des Disco-Fiebers, ist manches doch mehr Schein als Sein und endet mit einem b\u00f6sen Erwachen! In diesem Jahr spielten wir zum ersten Mal im Gew\u00f6lbekeller der Familie Schmidt, da das Weingut Weegm\u00fcller den Besitzer gewechselt hat. Weiter treu sind wir der Festhalle in Lindenberg geblieben. Das Haardter wie auch das Lindenberger Publikum hat trotz dieser langen Pause erfreut unsere Vorstellungen besucht, sodass fast alle Termine ausverkauft waren. Vielen Dank daf\u00fcr!<\/p>\n<p>Nun bereiten wir uns auf das n\u00e4chste St\u00fcck im Herbst 2024 vor. Unsere Wahl fiel auf eine Kom\u00f6die, die die Unw\u00e4gbarkeiten des Bahnfahrens zum Inhalt hat, ein Thema, das wohl immer Konjunktur hat. Sie d\u00fcrfen gespannt sein.<\/p>\n","protected":false},"excerpt":{"rendered":"<p>Unser Verein wurde am 10. Mai 2011 in Neustadt\/Weinstra\u00dfe, Ortsteil Haardt, gegr\u00fcndet. In den Jahren 2012 und 2013 haben wir uns jeweils im Fr\u00fchjahr mit St\u00fccken des Autors Hans Schimmel unserem Publikum pr\u00e4sentiert. Diese waren &#8222;Liebeslust und Wasserschaden&#8220; (2012) und &#8222;Zum Teufel, Herr Minister&#8220; (2013). Im Sommer 2013 folgte eine Neuausrichtung des Vereins mit einigen &hellip; <\/p>\n<p class=\"link-more\"><a href=\"https:\/\/haardterbalkontheater.de\/index.php\/ueber-mich\/\" class=\"more-link\"><span class=\"screen-reader-text\">\u201eDer Verein\u201c<\/span> weiterlesen<\/a><\/p>\n","protected":false},"author":1,"featured_media":154,"parent":0,"menu_order":0,"comment_status":"closed","ping_status":"closed","template":"","meta":{"_monsterinsights_skip_tracking":false,"_monsterinsights_sitenote_active":false,"_monsterinsights_sitenote_note":"","_monsterinsights_sitenote_category":0,"ngg_post_thumbnail":0,"footnotes":""},"jetpack_sharing_enabled":true,"_links":{"self":[{"href":"https:\/\/haardterbalkontheater.de\/index.php\/wp-json\/wp\/v2\/pages\/13"}],"collection":[{"href":"https:\/\/haardterbalkontheater.de\/index.php\/wp-json\/wp\/v2\/pages"}],"about":[{"href":"https:\/\/haardterbalkontheater.de\/index.php\/wp-json\/wp\/v2\/types\/page"}],"author":[{"embeddable":true,"href":"https:\/\/haardterbalkontheater.de\/index.php\/wp-json\/wp\/v2\/users\/1"}],"replies":[{"embeddable":true,"href":"https:\/\/haardterbalkontheater.de\/index.php\/wp-json\/wp\/v2\/comments?post=13"}],"version-history":[{"count":8,"href":"https:\/\/haardterbalkontheater.de\/index.php\/wp-json\/wp\/v2\/pages\/13\/revisions"}],"predecessor-version":[{"id":195,"href":"https:\/\/haardterbalkontheater.de\/index.php\/wp-json\/wp\/v2\/pages\/13\/revisions\/195"}],"wp:featuredmedia":[{"embeddable":true,"href":"https:\/\/haardterbalkontheater.de\/index.php\/wp-json\/wp\/v2\/media\/154"}],"wp:attachment":[{"href":"https:\/\/haardterbalkontheater.de\/index.php\/wp-json\/wp\/v2\/media?parent=13"}],"curies":[{"name":"wp","href":"https:\/\/api.w.org\/{rel}","templated":true}]}}